{"id":1452,"date":"2021-08-17T07:15:34","date_gmt":"2021-08-17T07:15:34","guid":{"rendered":"https:\/\/zingboxwp.demothemesflat.com\/?page_id=1452"},"modified":"2023-05-24T08:47:56","modified_gmt":"2023-05-24T08:47:56","slug":"referencias","status":"publish","type":"page","link":"https:\/\/iberenergy.services\/en\/referencias\/","title":{"rendered":"Referencias"},"content":{"rendered":"<div data-elementor-type=\"wp-page\" data-elementor-id=\"1452\" class=\"elementor elementor-1452\">\n\t\t\t\t\t\t\t\t\t<section class=\"elementor-section elementor-top-section elementor-element elementor-element-b34ad75 elementor-section-boxed elementor-section-height-default elementor-section-height-default\" data-id=\"b34ad75\" data-element_type=\"section\">\n\t\t\t\t\t\t<div class=\"elementor-container elementor-column-gap-default\">\n\t\t\t\t\t<div class=\"elementor-column elementor-col-100 elementor-top-column elementor-element elementor-element-23d7e6a\" data-id=\"23d7e6a\" data-element_type=\"column\">\n\t\t\t<div class=\"elementor-widget-wrap elementor-element-populated\">\n\t\t\t\t\t\t\t\t<div class=\"elementor-element elementor-element-2077317 elementor-widget elementor-widget-tfproject\" data-id=\"2077317\" data-element_type=\"widget\" data-widget_type=\"tfproject.default\">\n\t\t\t\t<div class=\"elementor-widget-container\">\n\t\t\t\t\t<div id=\"tf-project-2077317\" class=\"tf-project-wrap tf-widget-project-wrap style1\" data-tabid=\"2077317\">\r\n\t\t\t<div class=\"tf-project\">\r\n\t\t\t\t\t\t\t\t<div class=\"container-filter wrap-project-post row column-3\" data-items=\"3\" data-space=\"\" data-center=\"true\" data-autoplay=\"true\" >\r\n\t\t\t\t\t\t\t\t\t\t\t\t\t\t\t\t\t\t\t\t\t\t\t\t<div class=\"item fotovoltaica\">\r\n\t\t                        <div class=\"project-post project-post-7567\">\r\n\t\t                            <div class=\"featured-post\">\r\n\t\t                                <a href=\"https:\/\/iberenergy.services\/en\/Proyecto\/tramitacion-de-11gw-de-proyectos-de-plantas-solares-fotovoltaicas\/\">\r\n\t\t                                <img decoding=\"async\" src=\"https:\/\/iberenergy.services\/wp-content\/uploads\/2021\/08\/IMG-9961-scaled.jpg\" alt=\"image\">\t\t                                <\/a>\r\n\t\t                            <\/div>\r\n\t\t                            <div class=\"content\">\r\n\t\t                                <div class=\"inner-content\">                                \r\n\t\t                                    <div class=\"post-meta\">\r\n\t\t                                        <a href=\"https:\/\/iberenergy.services\/en\/project_category\/fotovoltaica\/\" rel=\"tag\">Fotovolt\u00e1ica<\/a>\t\t                                    <\/div>\r\n\t\t                                    <h2 class=\"title\">\r\n\t\t                                         <a href=\"https:\/\/iberenergy.services\/en\/Proyecto\/tramitacion-de-11gw-de-proyectos-de-plantas-solares-fotovoltaicas\/\">Tramitaci\u00f3n de 11GW de proyectos de Plantas Solares Fotovoltaicas.<\/a>\r\n\t\t                                    <\/h2>                                               \r\n\t\t                                    <div class=\"tf-button-container\">\r\n\t\t                                        <a href=\"https:\/\/iberenergy.services\/en\/Proyecto\/tramitacion-de-11gw-de-proyectos-de-plantas-solares-fotovoltaicas\/\" class=\"tf-button bt_icon_after\"><i class=\"fas fa-arrow-right\"><\/i><\/a>\r\n\t\t                                    <\/div>\r\n\t\t                                <\/div>                                              \r\n\t\t                            <\/div>\r\n\t\t                        <\/div>\r\n\t\t                    <\/div> \r\n\t                    \t\t\t\t\t\t\t\t\t\t\t\t\t\t\t\t\t\t\t\t\t\t\t\t<div class=\"item fotovoltaica\">\r\n\t\t                        <div class=\"project-post project-post-7555\">\r\n\t\t                            <div class=\"featured-post\">\r\n\t\t                                <a href=\"https:\/\/iberenergy.services\/en\/Proyecto\/1-288-mwp-de-ingenieria-de-proyectos-fotovoltaicos\/\">\r\n\t\t                                <img decoding=\"async\" src=\"https:\/\/iberenergy.services\/wp-content\/uploads\/2021\/11\/ods-gridconnections.jpg\" alt=\"image\">\t\t                                <\/a>\r\n\t\t                            <\/div>\r\n\t\t                            <div class=\"content\">\r\n\t\t                                <div class=\"inner-content\">                                \r\n\t\t                                    <div class=\"post-meta\">\r\n\t\t                                        <a href=\"https:\/\/iberenergy.services\/en\/project_category\/fotovoltaica\/\" rel=\"tag\">Fotovolt\u00e1ica<\/a>\t\t                                    <\/div>\r\n\t\t                                    <h2 class=\"title\">\r\n\t\t                                         <a href=\"https:\/\/iberenergy.services\/en\/Proyecto\/1-288-mwp-de-ingenieria-de-proyectos-fotovoltaicos\/\">1.288 MWp de Ingenier\u00eda de proyectos fotovoltaicos<\/a>\r\n\t\t                                    <\/h2>                                               \r\n\t\t                                    <div class=\"tf-button-container\">\r\n\t\t                                        <a href=\"https:\/\/iberenergy.services\/en\/Proyecto\/1-288-mwp-de-ingenieria-de-proyectos-fotovoltaicos\/\" class=\"tf-button bt_icon_after\"><i class=\"fas fa-arrow-right\"><\/i><\/a>\r\n\t\t                                    <\/div>\r\n\t\t                                <\/div>                                              \r\n\t\t                            <\/div>\r\n\t\t                        <\/div>\r\n\t\t                    <\/div> \r\n\t                    \t\t\t\t\t\t\t\t\t\t\t\t\t\t\t\t\t\t\t\t\t\t\t\t<div class=\"item batteries fotovoltaica\">\r\n\t\t                        <div class=\"project-post project-post-1398\">\r\n\t\t                            <div class=\"featured-post\">\r\n\t\t                                <a href=\"https:\/\/iberenergy.services\/en\/Proyecto\/management-y-commissioning-de-planta-fotovoltaica\/\">\r\n\t\t                                <img decoding=\"async\" src=\"https:\/\/iberenergy.services\/wp-content\/uploads\/2021\/09\/bg-section-qoute1.jpg\" alt=\"image\">\t\t                                <\/a>\r\n\t\t                            <\/div>\r\n\t\t                            <div class=\"content\">\r\n\t\t                                <div class=\"inner-content\">                                \r\n\t\t                                    <div class=\"post-meta\">\r\n\t\t                                        <a href=\"https:\/\/iberenergy.services\/en\/project_category\/batteries\/\" rel=\"tag\">Batteries<\/a> , <a href=\"https:\/\/iberenergy.services\/en\/project_category\/fotovoltaica\/\" rel=\"tag\">Fotovolt\u00e1ica<\/a>\t\t                                    <\/div>\r\n\t\t                                    <h2 class=\"title\">\r\n\t\t                                         <a href=\"https:\/\/iberenergy.services\/en\/Proyecto\/management-y-commissioning-de-planta-fotovoltaica\/\">Management y commissioning de planta fotovoltaica<\/a>\r\n\t\t                                    <\/h2>                                               \r\n\t\t                                    <div class=\"tf-button-container\">\r\n\t\t                                        <a href=\"https:\/\/iberenergy.services\/en\/Proyecto\/management-y-commissioning-de-planta-fotovoltaica\/\" class=\"tf-button bt_icon_after\"><i class=\"fas fa-arrow-right\"><\/i><\/a>\r\n\t\t                                    <\/div>\r\n\t\t                                <\/div>                                              \r\n\t\t                            <\/div>\r\n\t\t                        <\/div>\r\n\t\t                    <\/div> \r\n\t                    \t\t\t\t\t\t\t\t\t\t\t\t\t\t<\/div>\r\n\t\t\t<\/div>\r\n\t\t<\/div>\r\n\t\t\t\t<\/div>\n\t\t\t\t<\/div>\n\t\t\t\t\t<\/div>\n\t\t<\/div>\n\t\t\t\t\t\t\t<\/div>\n\t\t<\/section>\n\t\t\t\t\t\t\t<\/div>","protected":false},"excerpt":{"rendered":"<p>Fotovolt\u00e1ica Direcci\u00f3n de obra subestaci\u00f3n Fotovolt\u00e1ica Tramitaci\u00f3n de 11GW de proyectos de Plantas Solares Fotovoltaicas. Fotovolt\u00e1ica , Hibridaciones Direcci\u00f3n de obra subestaci\u00f3n Fotovolt\u00e1ica 1.288 MWp de Ingenier\u00eda de proyectos fotovoltaicos Wind Ingenier\u00eda de proyectos e\u00f3licos Fotovolt\u00e1ica Due Diligence t\u00e9cnicas Baterias , Fotovolt\u00e1ica Desarrollo de documentaci\u00f3n el\u00e9ctrica Baterias [&hellip;]<\/p>","protected":false},"author":1,"featured_media":0,"parent":0,"menu_order":0,"comment_status":"closed","ping_status":"closed","template":"elementor_header_footer","meta":{"footnotes":""},"class_list":["post-1452","page","type-page","status-publish","hentry"],"_links":{"self":[{"href":"https:\/\/iberenergy.services\/en\/wp-json\/wp\/v2\/pages\/1452","targetHints":{"allow":["GET"]}}],"collection":[{"href":"https:\/\/iberenergy.services\/en\/wp-json\/wp\/v2\/pages"}],"about":[{"href":"https:\/\/iberenergy.services\/en\/wp-json\/wp\/v2\/types\/page"}],"author":[{"embeddable":true,"href":"https:\/\/iberenergy.services\/en\/wp-json\/wp\/v2\/users\/1"}],"replies":[{"embeddable":true,"href":"https:\/\/iberenergy.services\/en\/wp-json\/wp\/v2\/comments?post=1452"}],"version-history":[{"count":19,"href":"https:\/\/iberenergy.services\/en\/wp-json\/wp\/v2\/pages\/1452\/revisions"}],"predecessor-version":[{"id":8277,"href":"https:\/\/iberenergy.services\/en\/wp-json\/wp\/v2\/pages\/1452\/revisions\/8277"}],"wp:attachment":[{"href":"https:\/\/iberenergy.services\/en\/wp-json\/wp\/v2\/media?parent=1452"}],"curies":[{"name":"wp","href":"https:\/\/api.w.org\/{rel}","templated":true}]}}